{"id":89,"date":"2026-03-16T13:45:52","date_gmt":"2026-03-16T11:45:52","guid":{"rendered":"https:\/\/businessrakentamo.competencex.fi\/home\/?page_id=89"},"modified":"2026-03-16T14:13:17","modified_gmt":"2026-03-16T12:13:17","slug":"tietosuojaseloste","status":"publish","type":"page","link":"https:\/\/businessrakentamo.competencex.fi\/home\/tietosuojaseloste\/","title":{"rendered":"Tietosuojaseloste"},"content":{"rendered":"\n<h4 class=\"wp-block-heading has-text-color has-link-color wp-elements-986ecc05cfbbafd3243bb70d1ba31bd7\" style=\"color:#faa21b\"><strong>Rekisterinpit\u00e4j\u00e4<\/strong><\/h4>\n\n\n\n<p>BusinessRakentamo ry<\/p>\n\n\n\n<p>Juuritie 7<\/p>\n\n\n\n<p>03100 Nummela<\/p>\n\n\n\n<h4 class=\"wp-block-heading has-text-color has-link-color wp-elements-1be790f1482b4062934c7e79b38dedc2\" style=\"color:#faa21b\">Rekisterin nimi:<\/h4>\n\n\n\n<p>BusinessRakentamo ry:n j\u00e4sen-, tiedotus-, yhteisty\u00f6kumppanuus ja markkinointirekisteri<\/p>\n\n\n\n<h4 class=\"wp-block-heading has-text-color has-link-color wp-elements-7b0fe4679576aa4622b657fe7bc93f4a\" style=\"color:#faa21b\"><strong>Yleist\u00e4<\/strong><\/h4>\n\n\n\n<p>Tarvitsemme joitakin tietoja, jotta voimme palvella sinua paremmin. T\u00e4m\u00e4n takia ker\u00e4\u00e4mme tietoja, joita k\u00e4sittelemme eri j\u00e4rjestelmiss\u00e4mme. Valitsemme tietojenk\u00e4sittelyyn turvalliset ohjelmistot, sill\u00e4 arvostamme yksityisyytt\u00e4si ja olemme sitoutuneet suojaamaan sit\u00e4.<\/p>\n\n\n\n<p>T\u00e4m\u00e4 tietosuojaseloste kertoo mit\u00e4 henkil\u00f6tietoja ker\u00e4\u00e4mme, mill\u00e4 periaattein niit\u00e4 k\u00e4sittelemme, sek\u00e4 mit\u00e4 oikeuksia ja vaikuttamismahdollisuuksia sinulla itsell\u00e4si on rekisteriss\u00e4mme oleviin tietoihisi.<\/p>\n\n\n\n<p>Pyyd\u00e4mme sinua lukemaan t\u00e4m\u00e4n Tietosuojaselosteen huolellisesti. K\u00e4sittelemme sinua koskevaa henkil\u00f6tietoa t\u00e4m\u00e4n tietosuojaselosteen ja sovellettavan lains\u00e4\u00e4d\u00e4nn\u00f6n mukaisesti. Tietosuojaselosteemme p\u00e4ivitet\u00e4\u00e4n tarvittaessa toimintamme kehittyess\u00e4 tai lains\u00e4\u00e4d\u00e4nn\u00f6n muuttuessa. Ajantasainen tietosuojaseloste on saatavilla verkkosivuillamme:&nbsp;<\/p>\n\n\n\n<p>K\u00e4ytt\u00e4m\u00e4ll\u00e4 palvelujamme, verkkosivustoamme tai ottamalla meihin yhteytt\u00e4, annat meille luvan k\u00e4sitell\u00e4 sinua koskevia henkil\u00f6tietoja t\u00e4m\u00e4n tietosuojaselosteen mukaisesti. Jos et hyv\u00e4ksy n\u00e4it\u00e4 ehtoja, emme pysty todenn\u00e4k\u00f6isesti sinua my\u00f6sk\u00e4\u00e4n palvelemaan.<\/p>\n\n\n\n<h4 class=\"wp-block-heading has-text-color has-link-color wp-elements-5199106c7b2bb439b34190e7b8b49243\" style=\"color:#faa21b\">Miksi henkil\u00f6tietojani ker\u00e4t\u00e4\u00e4n ja k\u00e4sitell\u00e4\u00e4n?<\/h4>\n\n\n\n<p>Ker\u00e4\u00e4mme, s\u00e4ilyt\u00e4mme ja k\u00e4sittelemme sinua koskevia henkil\u00f6tietoja vain ennalta m\u00e4\u00e4riteltyihin tarkoituksiin. P\u00e4\u00e4asiallisia k\u00e4ytt\u00f6tarkoituksia ovat:<\/p>\n\n\n\n<ul class=\"wp-block-list\">\n<li>J\u00e4senyydenhoitaminen<\/li>\n\n\n\n<li>J\u00e4sentietojen ja k\u00e4ytt\u00e4j\u00e4tunnusten yll\u00e4pit\u00e4minen<\/li>\n\n\n\n<li>K\u00e4ytt\u00e4jien tunnistaminen verkkosivustolla<\/li>\n\n\n\n<li>Palveluiden tuottaminen ja toimittaminen (esim. verkkokoulutukset ja asiantuntija ajanvaraukset)<\/li>\n\n\n\n<li>Laskutus (j\u00e4senmaksu tai maksulliset palvelut)<\/li>\n\n\n\n<li>Liiketoiminnan, verkkosivustojen ja palveluiden kehitt\u00e4minen, suunnitteleminen ja analysoiminen<\/li>\n\n\n\n<li>Markkinointitarkoitukset<\/li>\n\n\n\n<li>Yhteydenottopyynt\u00f6ihin vastaaminen<\/li>\n\n\n\n<li>Sopimusvelvoitteidemme toteuttaminen<\/li>\n\n\n\n<li>Oikeudellisten velvoitteiden ja vaateiden t\u00e4ytt\u00e4miseksi<\/li>\n\n\n\n<li>Palveluidemme kohdentaminen<\/li>\n<\/ul>\n\n\n\n<h4 class=\"wp-block-heading has-text-color has-link-color wp-elements-7b328086a819f8720203c8529e53b4a5\" style=\"color:#faa21b\">Tietojen ker\u00e4\u00e4minen ja l\u00e4hteet<\/h4>\n\n\n\n<p>Ker\u00e4\u00e4mme sinua koskevia henkil\u00f6tietoja p\u00e4\u00e4asiassa sinulta itselt\u00e4si. T\u00e4m\u00e4 tapahtuu esimerkiksi yhteydenottojen yhteydess\u00e4 tai palveluidemme k\u00e4yt\u00f6n, yhteisten projektin, tapahtumailmoittautumisen tai muun kontaktoinnin yhteydess\u00e4.<\/p>\n\n\n\n<p>Saatamme k\u00e4ytt\u00e4\u00e4 tietojen ker\u00e4\u00e4miseen my\u00f6s julkisia verkkol\u00e4hteit\u00e4, esimerkiksi patentti- ja rekisterihallituksen YTJ-yritystietokantaa, toimialaluetteloita tai yrityksen julkisia www-sivuja.<\/p>\n\n\n\n<p>Tyypillisesti saatamme saada suoraan sinulta seuraavia tietoja:<\/p>\n\n\n\n<ul class=\"wp-block-list\">\n<li>Nimi<\/li>\n\n\n\n<li>S\u00e4hk\u00f6postiosoite<\/li>\n\n\n\n<li>Puhelinnumero<\/li>\n\n\n\n<li>Osoite<\/li>\n\n\n\n<li>J\u00e4senyyteen ja asiakkuuteen liittyvi\u00e4 tietoja, kuten tilaushistoria<\/li>\n\n\n\n<li>Muut tarvittavat tiedot palvelun toteuttamiseksi<\/li>\n<\/ul>\n\n\n\n<p>BusinessRakentamo ry:n Uutiskirjeen tilaajaksi eli markkinointirekisteriin (s\u00e4hk\u00f6postituslista) on mahdollista rekister\u00f6ity\u00e4 pelk\u00e4ll\u00e4 s\u00e4hk\u00f6postiosoitteella.<\/p>\n\n\n\n<p>Kun k\u00e4ytt\u00e4j\u00e4 vierailee verkkosivustollamme, k\u00e4ytt\u00e4j\u00e4n tietokone l\u00e4hett\u00e4\u00e4 automaattisesti tiettyj\u00e4 teknisi\u00e4 ja muita tietoja (esim. IP-osoite, selaintyyppi ja tieto siit\u00e4, mit\u00e4 kautta k\u00e4ytt\u00e4j\u00e4 tuli sivustolle). BusinessRakentamo ker\u00e4\u00e4 my\u00f6s ev\u00e4steiden avulla tietoja siit\u00e4, miten k\u00e4ytt\u00e4j\u00e4 k\u00e4ytt\u00e4\u00e4 sivustoa. T\u00e4m\u00e4n tietosuojaselosteen Ev\u00e4steet -osiossa on t\u00e4st\u00e4 tarkempaa tietoa.<\/p>\n\n\n\n<p>Sy\u00f6tt\u00e4m\u00e4ll\u00e4 henkil\u00f6tietoja BusinessRakentamo ry:n tai yhteisty\u00f6kumppaneiden verkkosivuilla oleviin lomakkeisiin tai muutoin k\u00e4ytt\u00e4j\u00e4n ilmoittaessa henkil\u00f6tietojaan meille, k\u00e4ytt\u00e4j\u00e4 hyv\u00e4ksyy henkil\u00f6tietojensa ker\u00e4\u00e4misen, k\u00e4yt\u00f6n ja luovuttamisen t\u00e4m\u00e4n tietosuojaselosteen mukaisesti t\u00e4ss\u00e4 tietosuojaselosteessa ilmoitettuun rajoitettuun tarkoitukseen.<\/p>\n\n\n\n<h4 class=\"wp-block-heading has-text-color has-link-color wp-elements-40dabff6574046342c81a0f64dab3889\" style=\"color:#faa21b\">Henkil\u00f6tietojen k\u00e4sittelyn perusteet<\/h4>\n\n\n\n<p>Huolehdimme siit\u00e4, ett\u00e4 meill\u00e4 on aina lain edellytt\u00e4m\u00e4 peruste henkil\u00f6tietojesi k\u00e4sittelemiselle. Saatamme k\u00e4sitell\u00e4 henkil\u00f6tietojasi usealla eri perusteella, kuten<\/p>\n\n\n\n<ul class=\"wp-block-list\">\n<li>sopimuksen t\u00e4yt\u00e4nt\u00f6\u00f6npanemiseksi<\/li>\n\n\n\n<li>oikeudellisten velvoitteiden t\u00e4ytt\u00e4miseksi<\/li>\n\n\n\n<li>oikeutetun etumme nojalla, joka on palveluidemme tarjoaminen ja liiketoimintamme harjoittaminen ja kehitt\u00e4minen.<\/li>\n<\/ul>\n\n\n\n<p>Joitakin henkil\u00f6tietoja saatamme k\u00e4sitell\u00e4 my\u00f6s suostumuksesi nojalla.<\/p>\n\n\n\n<h4 class=\"wp-block-heading has-text-color has-link-color wp-elements-3aaf0f07fe6efdf66561e2f6f9726f1e\" style=\"color:#faa21b\">Ketk\u00e4 tietoja k\u00e4sittelev\u00e4t ja tietojen luovutus kolmansille osapuolille<\/h4>\n\n\n\n<p>P\u00e4\u00e4s\u00e4\u00e4nt\u00f6isesti henkil\u00f6tietojasi k\u00e4sittelee yhdistyksemme hallitus sek\u00e4 j\u00e4senrekisteri\u00e4 p\u00e4ivitt\u00e4v\u00e4t tahot. P\u00e4\u00e4sy on vain henkil\u00f6ill\u00e4, jotka tarvitsevat sit\u00e4 palveluiden toimittamiseen, maksuliikenteeseen ja tiedottamiseen liittyvi\u00e4 teht\u00e4vi\u00e4\u00e4n suorittaessaan.<\/p>\n\n\n\n<p>Yhdistyksess\u00e4 toimivilla asiantuntijoilla on rajattu p\u00e4\u00e4sy tietoihin ja heille toimitetaan vain tiedot, joita tarvitaan palvelun toteuttamiseksi. Esimerkiksi osa yhteystiedoista ja projektidokumentaatiosta saatetaan luovuttaa heille kontaktointia ja projektien toteutusta varten. Lis\u00e4ksi asiantuntijoilla on omat tietosuojak\u00e4yt\u00e4nteet, tutustuthan my\u00f6s niihin ennen palvelun tilaamista.<\/p>\n\n\n\n<p>Saatamme my\u00f6s ulkoistaa jotain henkil\u00f6tietojen k\u00e4sittely\u00e4, kuten henkil\u00f6tietojen tallennukseen ja k\u00e4sittelyyn k\u00e4ytetyt tietoj\u00e4rjestelm\u00e4t. Huolehdimme t\u00e4ll\u00f6in siit\u00e4, ett\u00e4 tietojesi luottamuksellisuus s\u00e4ilyy ja tietoja k\u00e4sitell\u00e4\u00e4n my\u00f6s muutoin lainmukaisesti. Saatamme my\u00f6s luovuttaa tietoja muutoin sopimusvelvoitteiden t\u00e4ytt\u00e4miseksi taikka lain tai toimivaltaisen viranomaisen sit\u00e4 edellytt\u00e4ess\u00e4. Saatamme my\u00f6s luovuttaa tietojasi, mik\u00e4li olisimme osallisena yritys- tai liiketoimintakaupassa.<\/p>\n\n\n\n<h4 class=\"wp-block-heading has-text-color has-link-color wp-elements-1a75d08faf869c0b7206635e40421f33\" style=\"color:#faa21b\">Tietojen luovutus EU:n ulkopuolelle<\/h4>\n\n\n\n<p>Joltain osin alihankkijat tai palvelimet, joilla tietoja k\u00e4sitell\u00e4\u00e4n, saattavat sijaita EU\/ETA-alueen ulkopuolella. Muutoin emme luovuta henkil\u00f6tietoja s\u00e4\u00e4nn\u00f6nmukaisesti EU\/ETA-alueen ulkopuolelle.<\/p>\n\n\n\n<p>Joidenkin sopimusten tai toimeksiantojen toteuttaminen saattaa edellytt\u00e4\u00e4 tietojen siirt\u00e4mist\u00e4 EU:n tai Euroopan talousalueen ulkopuolelle tarvittaessa. Mik\u00e4li n\u00e4in on, huolehdimme henkil\u00f6tietojen suojan riitt\u00e4v\u00e4st\u00e4 tasosta lains\u00e4\u00e4d\u00e4nn\u00f6n edellytt\u00e4m\u00e4ll\u00e4 tavalla.<\/p>\n\n\n\n<h4 class=\"wp-block-heading has-text-color has-link-color wp-elements-b7dc6eb1356e005f401c2c7f82605e0f\" style=\"color:#faa21b\">Tietojen s\u00e4ilytyksen kesto<\/h4>\n\n\n\n<p>S\u00e4ilyt\u00e4mme tietojasi niin kauan, kuin k\u00e4ytt\u00f6tarkoitus tai kuin sopimus tai laki vaatii. Henkil\u00f6tietojen s\u00e4ilytysajat voivat kuitenkin vaihdella tilanteesta riippuen. Pyrimme pit\u00e4m\u00e4\u00e4n tietosi ajantasalla p\u00e4ivitt\u00e4m\u00e4ll\u00e4 niit\u00e4 s\u00e4\u00e4nn\u00f6llisesti.<\/p>\n\n\n\n<h4 class=\"wp-block-heading has-text-color has-link-color wp-elements-16474cc883661693b04f6a137ae6ee82\" style=\"color:#faa21b\">Tietojen s\u00e4ilytys ja suojaus<\/h4>\n\n\n\n<p>Tietojasi s\u00e4ilytet\u00e4\u00e4n palveluntarjoajamme palvelimilla, jotka on suojattu alan yleisten k\u00e4yt\u00e4nt\u00f6jen mukaisesti. Ker\u00e4\u00e4m\u00e4mme ja k\u00e4sittelem\u00e4mme henkil\u00f6tiedot pidet\u00e4\u00e4n luottamuksellisina eik\u00e4 niit\u00e4 ilmaista muille kuin niit\u00e4 ty\u00f6ss\u00e4\u00e4n tarvitseville taikka luottamuksellisesti ja rajoitetusti palvelusopimusten perusteella asiakkaillemme. P\u00e4\u00e4sy henkil\u00f6tietoihisi on suojattu k\u00e4ytt\u00e4j\u00e4kohtaisin tunnuksin, salasanoin ja k\u00e4ytt\u00f6oikeuksin.<\/p>\n\n\n\n<h4 class=\"wp-block-heading has-text-color has-link-color wp-elements-2a767b3ec21f318c1c1b750e9408656f\" style=\"color:#faa21b\">Tietojen antamatta j\u00e4tt\u00e4misen seuraukset<\/h4>\n\n\n\n<p>Jos et anna henkil\u00f6tietoja tai salli niiden k\u00e4sittely\u00e4, emme todenn\u00e4k\u00f6isesti pysty palvelemaan sinua ja t\u00e4ytt\u00e4m\u00e4\u00e4n toimintamme tarkoitusta. Jos et halua ett\u00e4 k\u00e4sittelemme tietojasi t\u00e4m\u00e4n tietosuojaselosteen mukaisesti, pyyd\u00e4mme ettet toimita meille mit\u00e4\u00e4n tietoja.<\/p>\n\n\n\n<h4 class=\"wp-block-heading has-text-color has-link-color wp-elements-909e9c69122b4c253fe04f54149d4b2f\" style=\"color:#faa21b\">Verkkosivujen ev\u00e4steet<\/h4>\n\n\n\n<p>Sivustolla k\u00e4ytet\u00e4\u00e4n ev\u00e4steit\u00e4 palveluiden kehitt\u00e4miseksi, sivuk\u00e4vij\u00e4m\u00e4\u00e4rien seuraamiseksi, mainonnan kohdentamiseksi sek\u00e4 k\u00e4ytt\u00e4j\u00e4yst\u00e4v\u00e4llisyyden lis\u00e4\u00e4miseen. Ev\u00e4ste on verkkosivuston l\u00e4hett\u00e4m\u00e4 pieni yksinkertainen tiedosto, joka tallentuu selaimelle tietokoneelle, \u00e4lypuhelimeen tai tablettiin.<\/p>\n\n\n\n<p>Ev\u00e4steit\u00e4 k\u00e4ytet\u00e4\u00e4n tilastollisen tiedon tuottamiseen, k\u00e4vij\u00e4seurantaan, mainontaan sek\u00e4 sivuston kehitt\u00e4miseen. Meille tiedot ovat anonyymi\u00e4 dataa, eik\u00e4 ker\u00e4ttyj\u00e4 tietoja k\u00e4ytet\u00e4 automaattiseen p\u00e4\u00e4t\u00f6ksentekoon tai profilointiin. Kolmas osapuoli saattaa omissa j\u00e4rjestelmiss\u00e4\u00e4n analysoida ja yhdistell\u00e4 dataa laajemmin esimerkiksi k\u00e4vij\u00e4tilastointiin, mainonnan kohdentamiseen tai profilointiin.<\/p>\n\n\n\n<h4 class=\"wp-block-heading has-text-color has-link-color wp-elements-72003f17e9d3c7675fd07c2f25265689\" style=\"color:#faa21b\">Ev\u00e4steiden poistaminen k\u00e4yt\u00f6st\u00e4<\/h4>\n\n\n\n<p>Voit halutessasi poistaa ev\u00e4steet k\u00e4yt\u00f6st\u00e4, t\u00e4m\u00e4 tapahtuu oman selaimesi asetuksista. Halutessasi voit my\u00f6s ajoittain tyhjent\u00e4\u00e4 selaushistorian selaimesi asetuksista. Tutustu lis\u00e4ksi allaolevien tahojen ev\u00e4stek\u00e4yt\u00e4nn\u00f6ist\u00e4 heid\u00e4n ohjeistukseensa ev\u00e4steiden poistamiseksi tai mainonnan kohdentamisen kielt\u00e4miseksi.<\/p>\n\n\n\n<p>Laajemmin voit sivuk\u00e4vij\u00e4seurantaan ja kohdennettuun mainontaan liittyvi\u00e4 asetuksia hallita esimerkiksi alle listatuilla sivustoilla. Voit est\u00e4\u00e4 verkkosivustojen k\u00e4vij\u00e4seurantapalvelun opt-out toiminnolla. Sinun tulee suorittaa toiminto uudestaan, jos k\u00e4yt\u00e4t my\u00f6hemmin eri tietokonetta ja\/tai selainta k\u00e4ydess\u00e4si BusinessRakentamo.fi sivustolla. <\/p>\n\n\n\n<ul class=\"wp-block-list\">\n<li><a href=\"https:\/\/optout.networkadvertising.org\/#\/\">https:\/\/optout.networkadvertising.org\/#\/<\/a><\/li>\n\n\n\n<li><a href=\"https:\/\/tools.google.com\/dlpage\/gaoptout\">https:\/\/tools.google.com\/dlpage\/gaoptout<\/a><\/li>\n\n\n\n<li><a href=\"https:\/\/optout.aboutads.info\/#\/\">https:\/\/optout.aboutads.info\/#\/<\/a><\/li>\n<\/ul>\n\n\n\n<p>Huomaathan, ett\u00e4 ev\u00e4steiden est\u00e4minen saattaa rajoittaa verkkosivustomme toimivuutta.<\/p>\n\n\n\n<p>Sivustoon on asennettuna seuraavien kolmansien osapuolien ev\u00e4steit\u00e4:<\/p>\n\n\n\n<ul class=\"wp-block-list\">\n<li>Google Analytics: k\u00e4vij\u00e4tietojen seuranta<\/li>\n<\/ul>\n\n\n\n<h4 class=\"wp-block-heading has-text-color has-link-color wp-elements-724d4fd819d70f5a95099b029c5b5d1c\" style=\"color:#faa21b\">Muilta sivustoilta upotettu sis\u00e4lt\u00f6<\/h4>\n\n\n\n<p>T\u00e4m\u00e4n sivuston sis\u00e4lt\u00f6 saattaa sis\u00e4lt\u00e4\u00e4 upotettua sis\u00e4lt\u00f6\u00e4 (esimerkiksi videoita, kuvia, artikkeleita jne.). Toisilta sivustoilta tuodun upotetun sis\u00e4ll\u00f6n avaaminen on verrattavissa siihen, ett\u00e4 vierailija itse k\u00e4visi kolmannen osapuolen sivustolla. Blogiartikkeleiden yhteyteen on tehty upotuksia esimerkiksi Googlen tarjoamasta YouTube-palvelusta sek\u00e4 muista somekanavien julkaisuista.<\/p>\n\n\n\n<p>N\u00e4m\u00e4 sivustot voivat ker\u00e4t\u00e4 tietoa sinusta, k\u00e4ytt\u00e4\u00e4 ev\u00e4steit\u00e4, upottaa kolmannen osapuolen seurantaev\u00e4steit\u00e4 ja monitoroida vuorovaikutustasi upotetun sis\u00e4ll\u00f6n kanssa, mukaan lukien vuorovaikutuksen seuranta jos ja kun olet kirjautunut k\u00e4ytt\u00e4j\u00e4n\u00e4 sivustolle samanaikaisesti.<\/p>\n\n\n\n<h4 class=\"wp-block-heading has-text-color has-link-color wp-elements-8761ddd23756a70e5b5cca343b23fe00\" style=\"color:#faa21b\">Rekister\u00f6idyn oikeudet<\/h4>\n\n\n\n<p>Rekister\u00f6idyll\u00e4 on seuraavat oikeudet, joiden k\u00e4ytt\u00e4mist\u00e4 koskevat pyynn\u00f6t tulee tehd\u00e4 s\u00e4hk\u00f6postitse osoitteeseen: &nbsp;info@businessrakentamo.fi otsikoi viestisi &nbsp;tunnisteella \u2013 BusinessRakentamo-tietosuoja.<\/p>\n\n\n\n<h4 class=\"wp-block-heading has-text-color has-link-color wp-elements-eeaec36819aa3a129012468aa81c279b\" style=\"color:#faa21b\">Tarkastusoikeus<\/h4>\n\n\n\n<p>Rekister\u00f6ity voi tarkistaa tallentamamme henkil\u00f6tiedot.<\/p>\n\n\n\n<h4 class=\"wp-block-heading has-text-color has-link-color wp-elements-e1a201ab44e906a93e76a37d23608de7\" style=\"color:#faa21b\">Oikeus tietojen oikaisemiseen<\/h4>\n\n\n\n<p>Rekister\u00f6ity voi pyyt\u00e4\u00e4 oikaisemaan h\u00e4nt\u00e4 koskevat virheelliset tai puutteelliset tiedot.<\/p>\n\n\n\n<h4 class=\"wp-block-heading has-text-color has-link-color wp-elements-ca1a28669da46c66c37eb7ad131c7cc7\" style=\"color:#faa21b\">Vastustamisoikeus<\/h4>\n\n\n\n<p>Rekister\u00f6ity voi vastustaa henkil\u00f6tietojen k\u00e4sittely\u00e4, mik\u00e4li kokee, ett\u00e4 henkil\u00f6tietoja on k\u00e4sitelty lainvastaisesti.<\/p>\n\n\n\n<h4 class=\"wp-block-heading has-text-color has-link-color wp-elements-907fff386c12975014c8f1b8bdf057fe\" style=\"color:#faa21b\">Suoramarkkinointikielto<\/h4>\n\n\n\n<p>Rekister\u00f6idyll\u00e4 on oikeus kielt\u00e4\u00e4 tietojen k\u00e4ytt\u00e4minen suoramarkkinointiin.<\/p>\n\n\n\n<h4 class=\"wp-block-heading has-text-color has-link-color wp-elements-6bfa9e6582f7c2187f463a833bb1ef13\" style=\"color:#faa21b\"><strong>Poisto-oikeus<\/strong><\/h4>\n\n\n\n<p>Rekister\u00f6idyll\u00e4 on oikeus pyyt\u00e4\u00e4 tietojen poistamista, jos tietojen k\u00e4sittely ei ole tarpeen. K\u00e4sittelemme poistopyynn\u00f6n, jonka j\u00e4lkeen joko poistamme tiedot tai ilmoitamme perustellun syyn, miksi tietoja ei voida poistaa.<\/p>\n\n\n\n<p>On huomioitava, ett\u00e4 rekisterinpit\u00e4j\u00e4ll\u00e4 voi olla lakis\u00e4\u00e4teinen tai muu oikeus olla poistamatta pyydetty\u00e4 tietoa. Rekisterinpit\u00e4j\u00e4ll\u00e4 on velvollisuus s\u00e4ilytt\u00e4\u00e4 kirjanpitoaineisto Kirjanpitolaissa (luku 2, 10 \u00a7) m\u00e4\u00e4ritellyn ajan (6-10 vuotta) mukaisesti. T\u00e4m\u00e4n vuoksi kirjanpitoon liittyv\u00e4\u00e4 aineistoa ei voida poistaa ennen m\u00e4\u00e4r\u00e4ajan umpeutumista.<\/p>\n\n\n\n<h4 class=\"wp-block-heading has-text-color has-link-color wp-elements-15393e8f63f3744391fb8065ccc2f144\" style=\"color:#faa21b\">Suostumuksen peruuttaminen<\/h4>\n\n\n\n<p>Jos rekister\u00f6ity\u00e4 koskeva henkil\u00f6tietojen k\u00e4sittely perustuu ainoastaan suostumukseen, eik\u00e4 esim. asiakkuuteen tai j\u00e4senyyteen, voi rekister\u00f6ity peruuttaa suostumuksen.<\/p>\n\n\n\n<h4 class=\"wp-block-heading has-text-color has-link-color wp-elements-ca7c72cce83765db10ae52c15dfc6c27\" style=\"color:#faa21b\">Rekister\u00f6ity voi valittaa p\u00e4\u00e4t\u00f6ksest\u00e4 tietosuojavaltuutetulle<\/h4>\n\n\n\n<p>Rekister\u00f6idyll\u00e4 on oikeus vaatia, ett\u00e4 rajoitamme kiistanalaisten tietojen k\u00e4sittely\u00e4 siksi aikaa, kunnes asia saadaan ratkaistua.<\/p>\n\n\n\n<h4 class=\"wp-block-heading has-text-color has-link-color wp-elements-5d701df65de06b477a316a1d951d25b7\" style=\"color:#faa21b\">Valitusoikeus<\/h4>\n\n\n\n<p>Rekister\u00f6idyll\u00e4 on oikeus tehd\u00e4 valitus tietosuojavaltuutetulle kantelu, jos h\u00e4n kokee, ett\u00e4 rikomme henkil\u00f6tietoja k\u00e4sitelless\u00e4mme voimassa olevaa tietosuojalains\u00e4\u00e4d\u00e4nt\u00f6\u00e4.<\/p>\n\n\n\n<p>Tietosuojavaltuutetun yhteystiedot:&nbsp;<a href=\"https:\/\/tietosuoja.fi\/yhteystiedot\">https:\/\/tietosuoja.fi\/yhteystiedot<\/a><\/p>\n\n\n\n<h4 class=\"wp-block-heading has-text-color has-link-color wp-elements-dfc0af996f752bdb6415c0054e579dcd\" style=\"color:#faa21b\">Miten voin toteuttaa oikeuteni?<\/h4>\n\n\n\n<p>Voit toteuttaa edell\u00e4 kuvatut oikeutesi ottamalla meihin yhteytt\u00e4 esimerkiksi l\u00e4hett\u00e4m\u00e4ll\u00e4 s\u00e4hk\u00f6postia osoitteeseen&nbsp;info@businessrakentamo.fi. Pyyd\u00e4mme sinua samalla ilmoittamaan nimesi, osoitteesi ja puhelinnumerosi.<\/p>\n\n\n\n<h4 class=\"wp-block-heading has-text-color has-link-color wp-elements-ab55f733bffea19b9f97d5d9d084c9d2\" style=\"color:#faa21b\">Voidaanko t\u00e4t\u00e4 tietosuojaselostetta p\u00e4ivitt\u00e4\u00e4?<\/h4>\n\n\n\n<p>Saatamme tehd\u00e4 p\u00e4ivityksi\u00e4 t\u00e4h\u00e4n tietosuojaselosteeseen toimintamme taikka tietosuojaperiaatteidemme muuttuessa. P\u00e4ivitykset voivat tulla ajankohtaisiksi my\u00f6s lains\u00e4\u00e4d\u00e4nn\u00f6n muuttuessa. Muutokset tulevat voimaan, kun olemme julkaisseet p\u00e4ivitetyn tietosuojaselosteen. Pyyd\u00e4mmekin sinua siit\u00e4 syyst\u00e4 tutustumaan t\u00e4m\u00e4n tietosuojaselosteen sis\u00e4lt\u00f6\u00f6n s\u00e4\u00e4nn\u00f6llisin v\u00e4liajoin verkkosivustollamme.<\/p>\n\n\n\n<h4 class=\"wp-block-heading has-text-color has-link-color wp-elements-374ec45936e735b455a39715a5a252c5\" style=\"color:#faa21b\">Mihin voin ottaa yhteytt\u00e4 tietosuoja-asioissa?<\/h4>\n\n\n\n<p>Yhteystiedot:<\/p>\n\n\n\n<p>BusinessRakentamo ry<\/p>\n\n\n\n<p>Juuritie 7<\/p>\n\n\n\n<p>03100 Nummela<\/p>\n\n\n\n<p>info@businessrakentamo.fi<\/p>\n","protected":false},"excerpt":{"rendered":"<p>Rekisterinpit\u00e4j\u00e4 BusinessRakentamo ry Juuritie 7 03100 Nummela Rekisterin nimi: BusinessRakentamo ry:n j\u00e4sen-, tiedotus-, yhteisty\u00f6kumppanuus ja markkinointirekisteri Yleist\u00e4 Tarvitsemme joitakin tietoja, jotta voimme palvella sinua paremmin. T\u00e4m\u00e4n takia ker\u00e4\u00e4mme tietoja, joita k\u00e4sittelemme eri j\u00e4rjestelmiss\u00e4mme. Valitsemme tietojenk\u00e4sittelyyn turvalliset ohjelmistot, sill\u00e4 arvostamme yksityisyytt\u00e4si ja olemme sitoutuneet suojaamaan sit\u00e4. T\u00e4m\u00e4 tietosuojaseloste kertoo mit\u00e4 henkil\u00f6tietoja ker\u00e4\u00e4mme, mill\u00e4 periaattein niit\u00e4 k\u00e4sittelemme, &#8230; <a title=\"Tietosuojaseloste\" class=\"read-more\" href=\"https:\/\/businessrakentamo.competencex.fi\/home\/tietosuojaseloste\/\" aria-label=\"Lue lis\u00e4\u00e4 aiheesta Tietosuojaseloste\">Lue lis\u00e4\u00e4<\/a><\/p>\n","protected":false},"author":1,"featured_media":0,"parent":0,"menu_order":0,"comment_status":"closed","ping_status":"closed","template":"","meta":{"_mc_calendar":[],"footnotes":""},"class_list":["post-89","page","type-page","status-publish"],"_links":{"self":[{"href":"https:\/\/businessrakentamo.competencex.fi\/home\/wp-json\/wp\/v2\/pages\/89","targetHints":{"allow":["GET"]}}],"collection":[{"href":"https:\/\/businessrakentamo.competencex.fi\/home\/wp-json\/wp\/v2\/pages"}],"about":[{"href":"https:\/\/businessrakentamo.competencex.fi\/home\/wp-json\/wp\/v2\/types\/page"}],"author":[{"embeddable":true,"href":"https:\/\/businessrakentamo.competencex.fi\/home\/wp-json\/wp\/v2\/users\/1"}],"replies":[{"embeddable":true,"href":"https:\/\/businessrakentamo.competencex.fi\/home\/wp-json\/wp\/v2\/comments?post=89"}],"version-history":[{"count":3,"href":"https:\/\/businessrakentamo.competencex.fi\/home\/wp-json\/wp\/v2\/pages\/89\/revisions"}],"predecessor-version":[{"id":101,"href":"https:\/\/businessrakentamo.competencex.fi\/home\/wp-json\/wp\/v2\/pages\/89\/revisions\/101"}],"wp:attachment":[{"href":"https:\/\/businessrakentamo.competencex.fi\/home\/wp-json\/wp\/v2\/media?parent=89"}],"curies":[{"name":"wp","href":"https:\/\/api.w.org\/{rel}","templated":true}]}}